{"id":54,"date":"2022-02-21T13:45:06","date_gmt":"2022-02-21T12:45:06","guid":{"rendered":"https:\/\/canal.ugr.es\/UGR2031\/?page_id=54"},"modified":"2022-05-07T22:27:53","modified_gmt":"2022-05-07T20:27:53","slug":"la-ugr-en-cifras-2020-2021","status":"publish","type":"page","link":"https:\/\/canal.ugr.es\/UGR2031\/la-ugr-en-cifras-2020-2021\/","title":{"rendered":"La UGR en cifras (2020\/2021)"},"content":{"rendered":"\n<div class=\"wp-block-columns is-layout-flex wp-container-core-columns-is-layout-9d6595d7 wp-block-columns-is-layout-flex\">\n<div class=\"wp-block-column is-layout-flow wp-block-column-is-layout-flow\">\n<h3 class=\"has-medium-font-size wp-block-heading\"><strong>Estructura<\/strong><\/h3>\n\n\n\n<p>Campus: <mark style=\"background-color:rgba(0, 0, 0, 0)\" class=\"has-inline-color has-ast-global-color-0-color\"><strong>5<\/strong><\/mark> (Granada), <mark style=\"background-color:rgba(0, 0, 0, 0)\" class=\"has-inline-color has-ast-global-color-0-color\"><strong>2<\/strong><\/mark> (Ceuta y Melilla) <br>Centros propios:<mark style=\"background-color:rgba(0, 0, 0, 0)\" class=\"has-inline-color has-ast-global-color-0-color\"> <strong>30<\/strong><\/mark> <br>Institutos de investigaci\u00f3n: <strong><mark style=\"background-color:rgba(0, 0, 0, 0)\" class=\"has-inline-color has-ast-global-color-0-color\">17 <\/mark><\/strong><br>Departamentos: <strong><mark style=\"background-color:rgba(0, 0, 0, 0)\" class=\"has-inline-color has-ast-global-color-0-color\">124<\/mark><\/strong><\/p>\n<\/div>\n\n\n\n<div class=\"wp-block-column nodisplay is-layout-flow wp-block-column-is-layout-flow\"><\/div>\n<\/div>\n\n\n\n<div class=\"wp-block-columns is-layout-flex wp-container-core-columns-is-layout-9d6595d7 wp-block-columns-is-layout-flex\">\n<div class=\"wp-block-column nodisplay is-layout-flow wp-block-column-is-layout-flow\" style=\"flex-basis:220px\"><\/div>\n\n\n\n<div class=\"wp-block-column is-layout-flow wp-block-column-is-layout-flow\">\n<h3 class=\"has-medium-font-size wp-block-heading\"><strong>Oferta de t\u00edtulos<\/strong><\/h3>\n\n\n\n<p>T\u00edtulos de grado: <strong><mark style=\"background-color:rgba(0, 0, 0, 0)\" class=\"has-inline-color has-ast-global-color-0-color\">112<\/mark><\/strong> <br>M\u00e1steres universitarios: <strong><mark style=\"background-color:rgba(0, 0, 0, 0)\" class=\"has-inline-color has-ast-global-color-0-color\">154<\/mark><\/strong> <br>Programas de doctorado: <strong><mark style=\"background-color:rgba(0, 0, 0, 0)\" class=\"has-inline-color has-ast-global-color-0-color\">28 <\/mark><\/strong><br>T\u00edtulos propios: <strong><mark style=\"background-color:rgba(0, 0, 0, 0)\" class=\"has-inline-color has-ast-global-color-0-color\">145<\/mark><\/strong><br>Cursos MOOC: <strong><mark style=\"background-color:rgba(0, 0, 0, 0)\" class=\"has-inline-color has-ast-global-color-0-color\">11<\/mark><\/strong><\/p>\n<\/div>\n<\/div>\n\n\n\n<div class=\"wp-block-columns is-layout-flex wp-container-core-columns-is-layout-9d6595d7 wp-block-columns-is-layout-flex\">\n<div class=\"wp-block-column is-layout-flow wp-block-column-is-layout-flow\">\n<h3 class=\"has-medium-font-size wp-block-heading\"><strong>Estudiantado matriculado<\/strong><\/h3>\n\n\n\n<p>Top <strong><mark style=\"background-color:rgba(0, 0, 0, 0)\" class=\"has-inline-color has-ast-global-color-0-color\">5<\/mark><\/strong> en el SuE<br>Total: <strong><mark style=\"background-color:rgba(0, 0, 0, 0)\" class=\"has-inline-color has-ast-global-color-0-color\">91.463<\/mark><\/strong><br>Grado: <strong><mark style=\"background-color:rgba(0, 0, 0, 0)\" class=\"has-inline-color has-ast-global-color-0-color\">46.003<\/mark><\/strong><br>M\u00e1ster universitario: <strong><mark style=\"background-color:rgba(0, 0, 0, 0)\" class=\"has-inline-color has-ast-global-color-0-color\">6.215<\/mark><\/strong> <br>Doctorado: <strong><mark style=\"background-color:rgba(0, 0, 0, 0)\" class=\"has-inline-color has-ast-global-color-0-color\">3.809<\/mark><\/strong> <br>T\u00edtulos Propios: <strong><mark style=\"background-color:rgba(0, 0, 0, 0)\" class=\"has-inline-color has-ast-global-color-0-color\">1.134<\/mark><\/strong> <br>Cursos MOOC: <strong><mark style=\"background-color:rgba(0, 0, 0, 0)\" class=\"has-inline-color has-ast-global-color-0-color\">34.302<\/mark><\/strong> <br>% de estudiantes internacionales en grado: <strong><mark style=\"background-color:rgba(0, 0, 0, 0)\" class=\"has-inline-color has-ast-global-color-0-color\">6,03%<\/mark><\/strong> <br>% de estudiantes internacionales de m\u00e1ster y doctorado: <strong><mark style=\"background-color:rgba(0, 0, 0, 0)\" class=\"has-inline-color has-ast-global-color-0-color\">14,64%<\/mark><\/strong><\/p>\n<\/div>\n\n\n\n<div class=\"wp-block-column nodisplay is-layout-flow wp-block-column-is-layout-flow\" style=\"flex-basis:100px\"><\/div>\n<\/div>\n\n\n\n<div class=\"wp-block-columns is-layout-flex wp-container-core-columns-is-layout-9d6595d7 wp-block-columns-is-layout-flex\">\n<div class=\"wp-block-column nodisplay is-layout-flow wp-block-column-is-layout-flow\" style=\"flex-basis:220px\"><\/div>\n\n\n\n<div class=\"wp-block-column is-layout-flow wp-block-column-is-layout-flow\">\n<h3 class=\"has-medium-font-size wp-block-heading\"><strong>Estudiantado egresado<\/strong><\/h3>\n\n\n\n<p>Grado: <strong><mark style=\"background-color:rgba(0, 0, 0, 0)\" class=\"has-inline-color has-ast-global-color-0-color\">6.950<\/mark><\/strong><br>M\u00e1steres universitarios: <strong><mark style=\"background-color:rgba(0, 0, 0, 0)\" class=\"has-inline-color has-ast-global-color-0-color\">3.908<\/mark><\/strong> <br>Doctorado: <strong><strong><mark style=\"background-color:rgba(0, 0, 0, 0)\" class=\"has-inline-color has-ast-global-color-0-color\">396<\/mark><\/strong> <\/strong><\/p>\n<\/div>\n<\/div>\n\n\n\n<div class=\"wp-block-columns is-layout-flex wp-container-core-columns-is-layout-9d6595d7 wp-block-columns-is-layout-flex\">\n<div class=\"wp-block-column is-layout-flow wp-block-column-is-layout-flow\">\n<h3 class=\"has-medium-font-size wp-block-heading\"><strong>Personal<\/strong><\/h3>\n\n\n\n<p>Total PDI: <strong><mark style=\"background-color:rgba(0, 0, 0, 0)\" class=\"has-inline-color has-ast-global-color-0-color\">3.751<\/mark><\/strong><br>PDI funcionario: <strong><mark style=\"background-color:rgba(0, 0, 0, 0)\" class=\"has-inline-color has-ast-global-color-0-color\">2.198<\/mark><\/strong><br>PDI contratado y otros: <strong><mark style=\"background-color:rgba(0, 0, 0, 0)\" class=\"has-inline-color has-ast-global-color-0-color\">1.553<\/mark><\/strong><br>Total PAS: <strong><mark style=\"background-color:rgba(0, 0, 0, 0)\" class=\"has-inline-color has-ast-global-color-0-color\">2.729<\/mark><\/strong><br>PAS funcionario: <strong><mark style=\"background-color:rgba(0, 0, 0, 0)\" class=\"has-inline-color has-ast-global-color-0-color\">2.333<\/mark><\/strong><br>PAS laboral y eventual: <strong><mark style=\"background-color:rgba(0, 0, 0, 0)\" class=\"has-inline-color has-ast-global-color-0-color\">396<\/mark><\/strong><\/p>\n<\/div>\n\n\n\n<div class=\"wp-block-column nodisplay is-layout-flow wp-block-column-is-layout-flow\"><\/div>\n<\/div>\n\n\n\n<div class=\"wp-block-columns is-layout-flex wp-container-core-columns-is-layout-9d6595d7 wp-block-columns-is-layout-flex\">\n<div class=\"wp-block-column nodisplay is-layout-flow wp-block-column-is-layout-flow\" style=\"flex-basis:220px\"><\/div>\n\n\n\n<div class=\"wp-block-column is-layout-flow wp-block-column-is-layout-flow\">\n<h3 class=\"has-medium-font-size wp-block-heading\"><strong>Investigaci\u00f3n<\/strong><\/h3>\n\n\n\n<p>Publicaciones (WoS): <strong><mark style=\"background-color:rgba(0, 0, 0, 0)\" class=\"has-inline-color has-ast-global-color-0-color\">4193<\/mark><\/strong><br>Publicaciones Top 10% (WoS): <strong><mark style=\"background-color:rgba(0, 0, 0, 0)\" class=\"has-inline-color has-ast-global-color-0-color\">10,59%<\/mark><\/strong><br>Category Normalized Citation Impact (impacto normalizado): <strong><mark style=\"background-color:rgba(0, 0, 0, 0)\" class=\"has-inline-color has-ast-global-color-0-color\">1,20<\/mark><\/strong><br>Publicaciones con colaboraci\u00f3n internacional: <strong><mark style=\"background-color:rgba(0, 0, 0, 0)\" class=\"has-inline-color has-ast-global-color-0-color\">52,64%<br><\/mark><\/strong>Proyectos Plan Nacional: <strong><mark style=\"background-color:rgba(0, 0, 0, 0)\" class=\"has-inline-color has-ast-global-color-0-color\">118<\/mark><\/strong><br>Proyectos UE: <strong><mark style=\"background-color:rgba(0, 0, 0, 0)\" class=\"has-inline-color has-ast-global-color-0-color\">36<\/mark><\/strong><br>C\u00e1tedras de investigaci\u00f3n: <strong><mark style=\"background-color:rgba(0, 0, 0, 0)\" class=\"has-inline-color has-ast-global-color-0-color\">28<\/mark><\/strong><br>Unidades Mar\u00eda Maeztu: <strong><mark style=\"background-color:rgba(0, 0, 0, 0)\" class=\"has-inline-color has-ast-global-color-0-color\">1<\/mark><\/strong><br>Unidades de Investigaci\u00f3n de Excelencia: <strong><mark style=\"background-color:rgba(0, 0, 0, 0)\" class=\"has-inline-color has-ast-global-color-0-color\">20<\/mark><\/strong><br>Contratos FPU: <strong><mark style=\"background-color:rgba(0, 0, 0, 0)\" class=\"has-inline-color has-ast-global-color-0-color\">87<\/mark><\/strong><br>Contratos FPI: <strong><mark style=\"background-color:rgba(0, 0, 0, 0)\" class=\"has-inline-color has-ast-global-color-0-color\">24<\/mark><\/strong><br>Contratos Juan de la Cierva: <strong><mark style=\"background-color:rgba(0, 0, 0, 0)\" class=\"has-inline-color has-ast-global-color-0-color\">23<\/mark><\/strong><br>Contratos Ram\u00f3n y Cajal: <strong><mark style=\"background-color:rgba(0, 0, 0, 0)\" class=\"has-inline-color has-ast-global-color-0-color\">9<\/mark><\/strong><br>Financiaci\u00f3n total de proyectos de investigaci\u00f3n europeos para 2020: <strong><mark style=\"background-color:rgba(0, 0, 0, 0)\" class=\"has-inline-color has-ast-global-color-0-color\">7.022.799,98 \u20ac<\/mark><\/strong><\/p>\n<\/div>\n<\/div>\n\n\n\n<div class=\"wp-block-columns is-layout-flex wp-container-core-columns-is-layout-9d6595d7 wp-block-columns-is-layout-flex\">\n<div class=\"wp-block-column is-layout-flow wp-block-column-is-layout-flow\">\n<h3 class=\"has-medium-font-size wp-block-heading\"><strong>Transferencia<\/strong><\/h3>\n\n\n\n<p>Solicitud de patentes: <strong><mark style=\"background-color:rgba(0, 0, 0, 0)\" class=\"has-inline-color has-ast-global-color-0-color\">22<\/mark><\/strong><br>Contratos de I+D (art. 83): <strong><mark style=\"background-color:rgba(0, 0, 0, 0)\" class=\"has-inline-color has-ast-global-color-0-color\">629<\/mark><\/strong><br>Importe en contratos de I+D: <strong><mark style=\"background-color:rgba(0, 0, 0, 0)\" class=\"has-inline-color has-ast-global-color-0-color\">9.183.940 \u20ac<\/mark><\/strong><br>Spin-offs creadas: <strong><mark style=\"background-color:rgba(0, 0, 0, 0)\" class=\"has-inline-color has-ast-global-color-0-color\">2<\/mark><\/strong><br>Proyectos de I+D Colaborativos en convocatorias p\u00fablicas: <strong><mark style=\"background-color:rgba(0, 0, 0, 0)\" class=\"has-inline-color has-ast-global-color-0-color\">22<\/mark><\/strong><br>Importe proyectos de I+D Colaborativos en convocatorias p\u00fablicas: <strong><mark style=\"background-color:rgba(0, 0, 0, 0)\" class=\"has-inline-color has-ast-global-color-0-color\">2.654.000 \u20ac <\/mark><\/strong><br>Importe total de financiaci\u00f3n captada v\u00eda transferencia: <strong><mark style=\"background-color:rgba(0, 0, 0, 0)\" class=\"has-inline-color has-ast-global-color-0-color\">12.011.940 \u20ac<\/mark><\/strong><\/p>\n<\/div>\n\n\n\n<div class=\"wp-block-column nodisplay is-layout-flow wp-block-column-is-layout-flow\" style=\"flex-basis:100px\"><\/div>\n<\/div>\n\n\n\n<div class=\"wp-block-columns is-layout-flex wp-container-core-columns-is-layout-9d6595d7 wp-block-columns-is-layout-flex\">\n<div class=\"wp-block-column nodisplay is-layout-flow wp-block-column-is-layout-flow\" style=\"flex-basis:220px\"><\/div>\n\n\n\n<div class=\"wp-block-column is-layout-flow wp-block-column-is-layout-flow\">\n<h3 class=\"has-medium-font-size wp-block-heading\"><strong>Datos econ\u00f3micos (2020)<\/strong><\/h3>\n\n\n\n<p>Presupuesto liquidado: <strong><mark style=\"background-color:rgba(0, 0, 0, 0)\" class=\"has-inline-color has-ast-global-color-0-color\">436.624.755,25 \u20ac<\/mark><\/strong><br>Gastos de personal:<mark style=\"background-color:rgba(0, 0, 0, 0)\" class=\"has-inline-color has-ast-global-color-0-color\"> <strong>324.046.261,75 \u20ac<\/strong><\/mark><br>Inversiones reales: <strong><mark style=\"background-color:rgba(0, 0, 0, 0)\" class=\"has-inline-color has-ast-global-color-0-color\">60.460.689,11 \u20ac<\/mark><\/strong><br>Ingresos por ense\u00f1anzas regladas: <strong><mark style=\"background-color:rgba(0, 0, 0, 0)\" class=\"has-inline-color has-ast-global-color-0-color\">13.019.682,04 \u20ac<\/mark><\/strong><br>Ingresos por financiaci\u00f3n operativa estructural: <strong><mark style=\"background-color:rgba(0, 0, 0, 0)\" class=\"has-inline-color has-ast-global-color-0-color\">178.773.039,88 \u20ac<\/mark><\/strong><br>Ingresos por transferencias de capital: <strong><mark style=\"background-color:rgba(0, 0, 0, 0)\" class=\"has-inline-color has-ast-global-color-0-color\">165.964.795,88 \u20ac<\/mark><\/strong><br>Impacto de la UGR sobre la renta de la provincia: <strong><mark style=\"background-color:rgba(0, 0, 0, 0)\" class=\"has-inline-color has-ast-global-color-0-color\">1.036,6 millones \u20ac (6,12%) <\/mark><\/strong><br>Impacto de la UGR sobre el empleo de la provincia: <strong><mark style=\"background-color:rgba(0, 0, 0, 0)\" class=\"has-inline-color has-ast-global-color-0-color\">25.571 empleos (7,77%)<\/mark><\/strong><\/p>\n<\/div>\n<\/div>\n\n\n\n<div class=\"wp-block-columns is-layout-flex wp-container-core-columns-is-layout-9d6595d7 wp-block-columns-is-layout-flex\">\n<div class=\"wp-block-column is-layout-flow wp-block-column-is-layout-flow\">\n<h3 class=\"has-medium-font-size wp-block-heading\"><strong>Rankings internacionales<\/strong><\/h3>\n\n\n\n<p>Ranking Shanghai (ARWU): <strong><mark style=\"background-color:rgba(0, 0, 0, 0)\" class=\"has-inline-color has-ast-global-color-0-color\">201-300 Mundo; 1a Andaluc\u00eda; 2a Espa\u00f1a<\/mark><\/strong><br>The Center for World University Rankings (CWUR): <strong><mark style=\"background-color:rgba(0, 0, 0, 0)\" class=\"has-inline-color has-ast-global-color-0-color\">326 Mundo; 1a Andaluc\u00eda; 6a Espa\u00f1a<\/mark><\/strong><br>National Taiwan university ranking (NTU): <strong><mark style=\"background-color:rgba(0, 0, 0, 0)\" class=\"has-inline-color has-ast-global-color-0-color\">303 Mundo; 1a Andaluc\u00eda; 6a Espa\u00f1a<\/mark><\/strong><br>CWTS Leiden ranking: <strong><mark style=\"background-color:rgba(0, 0, 0, 0)\" class=\"has-inline-color has-ast-global-color-0-color\">284 Mundo; 1a Andaluc\u00eda; 6a Espa\u00f1a<\/mark><\/strong><br>University Ranking by Academic Performance (URAP): <strong><mark style=\"background-color:rgba(0, 0, 0, 0)\" class=\"has-inline-color has-ast-global-color-0-color\">272 Mundo; 1a Andaluc\u00eda; 6a Espa\u00f1a<\/mark><\/strong><\/p>\n<\/div>\n\n\n\n<div class=\"wp-block-column nodisplay is-layout-flow wp-block-column-is-layout-flow\" style=\"flex-basis:100px\"><\/div>\n<\/div>\n\n\n\n<p><\/p>\n","protected":false},"excerpt":{"rendered":"<p>Datos del curso 2020\/2021 de Universidad de Granada: estructura, ofertas de t\u00edtulos, estudiantado, egresados, personal, investigaci\u00f3n, transferencia, rankings y econ\u00f3micos (2020)<\/p>\n","protected":false},"author":1,"featured_media":5925,"parent":0,"menu_order":8,"comment_status":"closed","ping_status":"closed","template":"","meta":{"site-sidebar-layout":"default","site-content-layout":"default","ast-main-header-display":"","ast-hfb-above-header-display":"","ast-hfb-below-header-display":"","ast-hfb-mobile-header-display":"","site-post-title":"","ast-breadcrumbs-content":"","ast-featured-img":"","footer-sml-layout":"","theme-transparent-header-meta":"","adv-header-id-meta":"","stick-header-meta":"","header-above-stick-meta":"","header-main-stick-meta":"","header-below-stick-meta":"","footnotes":""},"eje":[],"class_list":["post-54","page","type-page","status-publish","has-post-thumbnail","hentry"],"yoast_head":"<!-- This site is optimized with the Yoast SEO plugin v18.9 - https:\/\/yoast.com\/wordpress\/plugins\/seo\/ -->\n<title>La UGR en cifras (2020\/2021) - Plan Estrat\u00e9gico UGR 2031<\/title>\n<meta name=\"robots\" content=\"index, follow, max-snippet:-1, max-image-preview:large, max-video-preview:-1\" \/>\n<link rel=\"canonical\" href=\"https:\/\/canal.ugr.es\/UGR2031\/la-ugr-en-cifras-2020-2021\/\" \/>\n<meta property=\"og:locale\" content=\"es_ES\" \/>\n<meta property=\"og:type\" content=\"article\" \/>\n<meta property=\"og:title\" content=\"La UGR en cifras (2020\/2021) - Plan Estrat\u00e9gico UGR 2031\" \/>\n<meta property=\"og:description\" content=\"Datos del curso 2020\/2021 de Universidad de Granada: estructura, ofertas de t\u00edtulos, estudiantado, egresados, personal, investigaci\u00f3n, transferencia, rankings y econ\u00f3micos (2020)\" \/>\n<meta property=\"og:url\" content=\"https:\/\/canal.ugr.es\/UGR2031\/la-ugr-en-cifras-2020-2021\/\" \/>\n<meta property=\"og:site_name\" content=\"Plan Estrat\u00e9gico UGR 2031\" \/>\n<meta property=\"article:modified_time\" content=\"2022-05-07T20:27:53+00:00\" \/>\n<meta property=\"og:image\" content=\"https:\/\/canal.ugr.es\/UGR2031\/wp-content\/uploads\/2022\/04\/ugr_en_cifras-e1650968053797.jpg\" \/>\n\t<meta property=\"og:image:width\" content=\"1280\" \/>\n\t<meta property=\"og:image:height\" content=\"979\" \/>\n\t<meta property=\"og:image:type\" content=\"image\/jpeg\" \/>\n<meta name=\"twitter:card\" content=\"summary_large_image\" \/>\n<meta name=\"twitter:label1\" content=\"Tiempo de lectura\" \/>\n\t<meta name=\"twitter:data1\" content=\"1 minuto\" \/>\n<script type=\"application\/ld+json\" class=\"yoast-schema-graph\">{\"@context\":\"https:\/\/schema.org\",\"@graph\":[{\"@type\":\"WebSite\",\"@id\":\"https:\/\/canal.ugr.es\/UGR2031\/#website\",\"url\":\"https:\/\/canal.ugr.es\/UGR2031\/\",\"name\":\"Plan Estrat\u00e9gico UGR 2031\",\"description\":\"Plan estrat\u00e9gico 2031 de la Universidad de Granada\",\"potentialAction\":[{\"@type\":\"SearchAction\",\"target\":{\"@type\":\"EntryPoint\",\"urlTemplate\":\"https:\/\/canal.ugr.es\/UGR2031\/?s={search_term_string}\"},\"query-input\":\"required name=search_term_string\"}],\"inLanguage\":\"es\"},{\"@type\":\"ImageObject\",\"inLanguage\":\"es\",\"@id\":\"https:\/\/canal.ugr.es\/UGR2031\/la-ugr-en-cifras-2020-2021\/#primaryimage\",\"url\":\"https:\/\/canal.ugr.es\/UGR2031\/wp-content\/uploads\/2022\/04\/ugr_en_cifras-e1650968053797.jpg\",\"contentUrl\":\"https:\/\/canal.ugr.es\/UGR2031\/wp-content\/uploads\/2022\/04\/ugr_en_cifras-e1650968053797.jpg\",\"width\":1280,\"height\":979,\"caption\":\"UGR en cifras\"},{\"@type\":\"WebPage\",\"@id\":\"https:\/\/canal.ugr.es\/UGR2031\/la-ugr-en-cifras-2020-2021\/#webpage\",\"url\":\"https:\/\/canal.ugr.es\/UGR2031\/la-ugr-en-cifras-2020-2021\/\",\"name\":\"La UGR en cifras (2020\/2021) - Plan Estrat\u00e9gico UGR 2031\",\"isPartOf\":{\"@id\":\"https:\/\/canal.ugr.es\/UGR2031\/#website\"},\"primaryImageOfPage\":{\"@id\":\"https:\/\/canal.ugr.es\/UGR2031\/la-ugr-en-cifras-2020-2021\/#primaryimage\"},\"datePublished\":\"2022-02-21T12:45:06+00:00\",\"dateModified\":\"2022-05-07T20:27:53+00:00\",\"breadcrumb\":{\"@id\":\"https:\/\/canal.ugr.es\/UGR2031\/la-ugr-en-cifras-2020-2021\/#breadcrumb\"},\"inLanguage\":\"es\",\"potentialAction\":[{\"@type\":\"ReadAction\",\"target\":[\"https:\/\/canal.ugr.es\/UGR2031\/la-ugr-en-cifras-2020-2021\/\"]}]},{\"@type\":\"BreadcrumbList\",\"@id\":\"https:\/\/canal.ugr.es\/UGR2031\/la-ugr-en-cifras-2020-2021\/#breadcrumb\",\"itemListElement\":[{\"@type\":\"ListItem\",\"position\":1,\"name\":\"Portada\",\"item\":\"https:\/\/canal.ugr.es\/UGR2031\/\"},{\"@type\":\"ListItem\",\"position\":2,\"name\":\"La UGR en cifras (2020\/2021)\"}]}]}<\/script>\n<!-- \/ Yoast SEO plugin. -->","yoast_head_json":{"title":"La UGR en cifras (2020\/2021) - Plan Estrat\u00e9gico UGR 2031","robots":{"index":"index","follow":"follow","max-snippet":"max-snippet:-1","max-image-preview":"max-image-preview:large","max-video-preview":"max-video-preview:-1"},"canonical":"https:\/\/canal.ugr.es\/UGR2031\/la-ugr-en-cifras-2020-2021\/","og_locale":"es_ES","og_type":"article","og_title":"La UGR en cifras (2020\/2021) - Plan Estrat\u00e9gico UGR 2031","og_description":"Datos del curso 2020\/2021 de Universidad de Granada: estructura, ofertas de t\u00edtulos, estudiantado, egresados, personal, investigaci\u00f3n, transferencia, rankings y econ\u00f3micos (2020)","og_url":"https:\/\/canal.ugr.es\/UGR2031\/la-ugr-en-cifras-2020-2021\/","og_site_name":"Plan Estrat\u00e9gico UGR 2031","article_modified_time":"2022-05-07T20:27:53+00:00","og_image":[{"width":1280,"height":979,"url":"https:\/\/canal.ugr.es\/UGR2031\/wp-content\/uploads\/2022\/04\/ugr_en_cifras-e1650968053797.jpg","type":"image\/jpeg"}],"twitter_card":"summary_large_image","twitter_misc":{"Tiempo de lectura":"1 minuto"},"schema":{"@context":"https:\/\/schema.org","@graph":[{"@type":"WebSite","@id":"https:\/\/canal.ugr.es\/UGR2031\/#website","url":"https:\/\/canal.ugr.es\/UGR2031\/","name":"Plan Estrat\u00e9gico UGR 2031","description":"Plan estrat\u00e9gico 2031 de la Universidad de Granada","potentialAction":[{"@type":"SearchAction","target":{"@type":"EntryPoint","urlTemplate":"https:\/\/canal.ugr.es\/UGR2031\/?s={search_term_string}"},"query-input":"required name=search_term_string"}],"inLanguage":"es"},{"@type":"ImageObject","inLanguage":"es","@id":"https:\/\/canal.ugr.es\/UGR2031\/la-ugr-en-cifras-2020-2021\/#primaryimage","url":"https:\/\/canal.ugr.es\/UGR2031\/wp-content\/uploads\/2022\/04\/ugr_en_cifras-e1650968053797.jpg","contentUrl":"https:\/\/canal.ugr.es\/UGR2031\/wp-content\/uploads\/2022\/04\/ugr_en_cifras-e1650968053797.jpg","width":1280,"height":979,"caption":"UGR en cifras"},{"@type":"WebPage","@id":"https:\/\/canal.ugr.es\/UGR2031\/la-ugr-en-cifras-2020-2021\/#webpage","url":"https:\/\/canal.ugr.es\/UGR2031\/la-ugr-en-cifras-2020-2021\/","name":"La UGR en cifras (2020\/2021) - Plan Estrat\u00e9gico UGR 2031","isPartOf":{"@id":"https:\/\/canal.ugr.es\/UGR2031\/#website"},"primaryImageOfPage":{"@id":"https:\/\/canal.ugr.es\/UGR2031\/la-ugr-en-cifras-2020-2021\/#primaryimage"},"datePublished":"2022-02-21T12:45:06+00:00","dateModified":"2022-05-07T20:27:53+00:00","breadcrumb":{"@id":"https:\/\/canal.ugr.es\/UGR2031\/la-ugr-en-cifras-2020-2021\/#breadcrumb"},"inLanguage":"es","potentialAction":[{"@type":"ReadAction","target":["https:\/\/canal.ugr.es\/UGR2031\/la-ugr-en-cifras-2020-2021\/"]}]},{"@type":"BreadcrumbList","@id":"https:\/\/canal.ugr.es\/UGR2031\/la-ugr-en-cifras-2020-2021\/#breadcrumb","itemListElement":[{"@type":"ListItem","position":1,"name":"Portada","item":"https:\/\/canal.ugr.es\/UGR2031\/"},{"@type":"ListItem","position":2,"name":"La UGR en cifras (2020\/2021)"}]}]}},"_links":{"self":[{"href":"https:\/\/canal.ugr.es\/UGR2031\/wp-json\/wp\/v2\/pages\/54","targetHints":{"allow":["GET"]}}],"collection":[{"href":"https:\/\/canal.ugr.es\/UGR2031\/wp-json\/wp\/v2\/pages"}],"about":[{"href":"https:\/\/canal.ugr.es\/UGR2031\/wp-json\/wp\/v2\/types\/page"}],"author":[{"embeddable":true,"href":"https:\/\/canal.ugr.es\/UGR2031\/wp-json\/wp\/v2\/users\/1"}],"replies":[{"embeddable":true,"href":"https:\/\/canal.ugr.es\/UGR2031\/wp-json\/wp\/v2\/comments?post=54"}],"version-history":[{"count":21,"href":"https:\/\/canal.ugr.es\/UGR2031\/wp-json\/wp\/v2\/pages\/54\/revisions"}],"predecessor-version":[{"id":6816,"href":"https:\/\/canal.ugr.es\/UGR2031\/wp-json\/wp\/v2\/pages\/54\/revisions\/6816"}],"wp:featuredmedia":[{"embeddable":true,"href":"https:\/\/canal.ugr.es\/UGR2031\/wp-json\/wp\/v2\/media\/5925"}],"wp:attachment":[{"href":"https:\/\/canal.ugr.es\/UGR2031\/wp-json\/wp\/v2\/media?parent=54"}],"wp:term":[{"taxonomy":"eje","embeddable":true,"href":"https:\/\/canal.ugr.es\/UGR2031\/wp-json\/wp\/v2\/eje?post=54"}],"curies":[{"name":"wp","href":"https:\/\/api.w.org\/{rel}","templated":true}]}}